{"id":8175,"date":"2022-08-08T16:54:36","date_gmt":"2022-08-08T16:54:36","guid":{"rendered":"https:\/\/alst.org\/la-fondazione\/"},"modified":"2026-01-14T18:15:37","modified_gmt":"2026-01-14T18:15:37","slug":"la-fondazione","status":"publish","type":"page","link":"https:\/\/alst.org\/it\/la-fondazione\/","title":{"rendered":"La Fondazione"},"content":{"rendered":"\t\t<div data-elementor-type=\"wp-page\" data-elementor-id=\"8175\" class=\"elementor elementor-8175 elementor-7930\" data-elementor-post-type=\"page\">\n\t\t\t\t\t\t<section class=\"elementor-section elementor-top-section elementor-element elementor-element-77fb24cf elementor-section-boxed elementor-section-height-default elementor-section-height-default\" data-id=\"77fb24cf\" data-element_type=\"section\" data-e-type=\"section\" data-settings=\"{&quot;jet_parallax_layout_list&quot;:[]}\">\n\t\t\t\t\t\t<div class=\"elementor-container elementor-column-gap-default\">\n\t\t\t\t\t<div class=\"elementor-column elementor-col-100 elementor-top-column elementor-element elementor-element-5f389939\" data-id=\"5f389939\" data-element_type=\"column\" data-e-type=\"column\">\n\t\t\t<div class=\"elementor-widget-wrap elementor-element-populated\">\n\t\t\t\t\t\t<div class=\"elementor-element elementor-element-59ef2a7c elementor-widget elementor-widget-heading\" data-id=\"59ef2a7c\" data-element_type=\"widget\" data-e-type=\"widget\" data-widget_type=\"heading.default\">\n\t\t\t\t\t<h1 class=\"elementor-heading-title elementor-size-default\">La fondazione<\/h1>\t\t\t\t<\/div>\n\t\t\t\t\t<\/div>\n\t\t<\/div>\n\t\t\t\t\t<\/div>\n\t\t<\/section>\n\t\t\t\t<section class=\"elementor-section elementor-top-section elementor-element elementor-element-5dc5f21e elementor-section-boxed elementor-section-height-default elementor-section-height-default\" data-id=\"5dc5f21e\" data-element_type=\"section\" data-e-type=\"section\" data-settings=\"{&quot;jet_parallax_layout_list&quot;:[]}\">\n\t\t\t\t\t\t<div class=\"elementor-container elementor-column-gap-no\">\n\t\t\t\t\t<div class=\"elementor-column elementor-col-100 elementor-top-column elementor-element elementor-element-6c1fecc6\" data-id=\"6c1fecc6\" data-element_type=\"column\" data-e-type=\"column\">\n\t\t\t<div class=\"elementor-widget-wrap elementor-element-populated\">\n\t\t\t\t\t\t<div class=\"elementor-element elementor-element-67995eb0 elementor-widget elementor-widget-spacer\" data-id=\"67995eb0\" data-element_type=\"widget\" data-e-type=\"widget\" data-widget_type=\"spacer.default\">\n\t\t\t\t\t\t\t<div class=\"elementor-spacer\">\n\t\t\t<div class=\"elementor-spacer-inner\"><\/div>\n\t\t<\/div>\n\t\t\t\t\t\t<\/div>\n\t\t\t\t\t<\/div>\n\t\t<\/div>\n\t\t\t\t\t<\/div>\n\t\t<\/section>\n\t\t\t\t<section class=\"elementor-section elementor-top-section elementor-element elementor-element-2a8dcb40 elementor-section-boxed elementor-section-height-default elementor-section-height-default\" data-id=\"2a8dcb40\" data-element_type=\"section\" data-e-type=\"section\" data-settings=\"{&quot;jet_parallax_layout_list&quot;:[]}\">\n\t\t\t\t\t\t<div class=\"elementor-container elementor-column-gap-default\">\n\t\t\t\t\t<div class=\"elementor-column elementor-col-100 elementor-top-column elementor-element elementor-element-4c0b891c\" data-id=\"4c0b891c\" data-element_type=\"column\" data-e-type=\"column\">\n\t\t\t<div class=\"elementor-widget-wrap elementor-element-populated\">\n\t\t\t\t\t\t<div class=\"elementor-element elementor-element-1d61042b elementor-widget elementor-widget-text-editor\" data-id=\"1d61042b\" data-element_type=\"widget\" data-e-type=\"widget\" data-widget_type=\"text-editor.default\">\n\t\t\t\t\t\t\t\t\t<p>La Fondazione Arnold-Liebster \u00e8 stata istituita nel 2002 da Max Liebster e Simone Arnold-Liebster, due sopravvissuti alla persecuzione nazionalsocialista, per dare alle generazioni future l&#8217;opportunit\u00e0 di imparare dalla storia. Come organizzazione non politica e senza scopo di lucro, la Fondazione si impegna a mantenere viva la memoria delle vittime delle dittature e delle persecuzioni religiose. Per promuovere la pace, la tolleranza e la tutela dei diritti umani, in particolare della libert\u00e0 religiosa, la fondazione sostiene progetti di riappropriazione della storia e programmi educativi.<\/p><h3>SCOPO<\/h3><p>La Fondazione Arnold Liebster si impegna a promuovere la pace, la tolleranza e il rispetto dei diritti umani, in particolare della libert\u00e0 religiosa, attraverso mezzi pacifici e non politici.<\/p><p>La Fondazione \u00e8 attiva a livello internazionale e, sulla base delle esperienze vissute dai suoi fondatori Max Liebster e Simone Arnold-Liebster durante l&#8217;Olocausto, sostiene progetti di riappropriazione della storia, formazione degli insegnanti, seminari, eventi di discussione, pubblicazioni, mostre, proiezioni di film e attivit\u00e0 analoghe volte ad aiutare i giovani a rifiutare il razzismo, il nazionalismo xenofobo e la violenza, nonch\u00e9 a imparare ad ascoltare la voce della propria coscienza. La Fondazione Arnold Liebster \u00e8 sostenuta dall&#8217;obiettivo di vita dei fondatori di promuovere la pace.<\/p><h3>PENSIONE<\/h3><ul><li>Uwe Klages (Presidente)<\/li><li>Andreas Paul (Vicepresidente)<\/li><li>Uwe Langhals<\/li><li>Kirsten Paul<\/li><li>Lena Bergmann<\/li><li>Mario Bergmann<\/li><\/ul>\t\t\t\t\t\t\t\t<\/div>\n\t\t\t\t\t<\/div>\n\t\t<\/div>\n\t\t\t\t\t<\/div>\n\t\t<\/section>\n\t\t\t\t<\/div>\n\t\t","protected":false},"excerpt":{"rendered":"<p>La fondazione La Fondazione Arnold-Liebster \u00e8 stata istituita nel 2002 da Max Liebster e Simone Arnold-Liebster, due sopravvissuti alla persecuzione nazionalsocialista, per dare alle generazioni future l&#8217;opportunit\u00e0 di imparare dalla storia. Come organizzazione non politica e senza scopo di lucro, la Fondazione si impegna a mantenere viva la memoria delle vittime delle dittature e delle [&hellip;]<\/p>\n","protected":false},"author":1,"featured_media":11029,"parent":0,"menu_order":0,"comment_status":"closed","ping_status":"closed","template":"elementor_header_footer","meta":{"inline_featured_image":false,"footnotes":""},"class_list":["post-8175","page","type-page","status-publish","has-post-thumbnail","hentry"],"_links":{"self":[{"href":"https:\/\/alst.org\/it\/wp-json\/wp\/v2\/pages\/8175","targetHints":{"allow":["GET"]}}],"collection":[{"href":"https:\/\/alst.org\/it\/wp-json\/wp\/v2\/pages"}],"about":[{"href":"https:\/\/alst.org\/it\/wp-json\/wp\/v2\/types\/page"}],"author":[{"embeddable":true,"href":"https:\/\/alst.org\/it\/wp-json\/wp\/v2\/users\/1"}],"replies":[{"embeddable":true,"href":"https:\/\/alst.org\/it\/wp-json\/wp\/v2\/comments?post=8175"}],"version-history":[{"count":10,"href":"https:\/\/alst.org\/it\/wp-json\/wp\/v2\/pages\/8175\/revisions"}],"predecessor-version":[{"id":16169,"href":"https:\/\/alst.org\/it\/wp-json\/wp\/v2\/pages\/8175\/revisions\/16169"}],"wp:featuredmedia":[{"embeddable":true,"href":"https:\/\/alst.org\/it\/wp-json\/wp\/v2\/media\/11029"}],"wp:attachment":[{"href":"https:\/\/alst.org\/it\/wp-json\/wp\/v2\/media?parent=8175"}],"curies":[{"name":"wp","href":"https:\/\/api.w.org\/{rel}","templated":true}]}}