{"id":7911,"date":"2022-08-02T09:10:00","date_gmt":"2022-08-02T09:10:00","guid":{"rendered":"https:\/\/alst.org\/monuments\/"},"modified":"2022-08-24T11:44:35","modified_gmt":"2022-08-24T11:44:35","slug":"monuments","status":"publish","type":"page","link":"https:\/\/alst.org\/fr\/monuments\/","title":{"rendered":"Monuments"},"content":{"rendered":"\t\t<div data-elementor-type=\"wp-page\" data-elementor-id=\"7911\" class=\"elementor elementor-7911 elementor-6646\" data-elementor-post-type=\"page\">\n\t\t\t\t\t\t<section class=\"elementor-section elementor-top-section elementor-element elementor-element-2c259796 elementor-section-boxed elementor-section-height-default elementor-section-height-default\" data-id=\"2c259796\" data-element_type=\"section\" data-e-type=\"section\" data-settings=\"{&quot;jet_parallax_layout_list&quot;:[]}\">\n\t\t\t\t\t\t<div class=\"elementor-container elementor-column-gap-default\">\n\t\t\t\t\t<div class=\"elementor-column elementor-col-100 elementor-top-column elementor-element elementor-element-4d227b3e\" data-id=\"4d227b3e\" data-element_type=\"column\" data-e-type=\"column\">\n\t\t\t<div class=\"elementor-widget-wrap elementor-element-populated\">\n\t\t\t\t\t\t<div class=\"elementor-element elementor-element-25f031e3 elementor-widget elementor-widget-heading\" data-id=\"25f031e3\" data-element_type=\"widget\" data-e-type=\"widget\" data-widget_type=\"heading.default\">\n\t\t\t\t\t<h1 class=\"elementor-heading-title elementor-size-default\">Monuments<\/h1>\t\t\t\t<\/div>\n\t\t\t\t\t<\/div>\n\t\t<\/div>\n\t\t\t\t\t<\/div>\n\t\t<\/section>\n\t\t\t\t<section class=\"elementor-section elementor-top-section elementor-element elementor-element-56564010 elementor-section-boxed elementor-section-height-default elementor-section-height-default\" data-id=\"56564010\" data-element_type=\"section\" data-e-type=\"section\" data-settings=\"{&quot;jet_parallax_layout_list&quot;:[]}\">\n\t\t\t\t\t\t<div class=\"elementor-container elementor-column-gap-no\">\n\t\t\t\t\t<div class=\"elementor-column elementor-col-100 elementor-top-column elementor-element elementor-element-1f12677a\" data-id=\"1f12677a\" data-element_type=\"column\" data-e-type=\"column\">\n\t\t\t<div class=\"elementor-widget-wrap elementor-element-populated\">\n\t\t\t\t\t\t<div class=\"elementor-element elementor-element-10f9d4df elementor-widget elementor-widget-spacer\" data-id=\"10f9d4df\" data-element_type=\"widget\" data-e-type=\"widget\" data-widget_type=\"spacer.default\">\n\t\t\t\t\t\t\t<div class=\"elementor-spacer\">\n\t\t\t<div class=\"elementor-spacer-inner\"><\/div>\n\t\t<\/div>\n\t\t\t\t\t\t<\/div>\n\t\t\t\t\t<\/div>\n\t\t<\/div>\n\t\t\t\t\t<\/div>\n\t\t<\/section>\n\t\t\t\t<section class=\"elementor-section elementor-top-section elementor-element elementor-element-5f4b0429 elementor-section-boxed elementor-section-height-default elementor-section-height-default\" data-id=\"5f4b0429\" data-element_type=\"section\" data-e-type=\"section\" data-settings=\"{&quot;jet_parallax_layout_list&quot;:[]}\">\n\t\t\t\t\t\t<div class=\"elementor-container elementor-column-gap-default\">\n\t\t\t\t\t<div class=\"elementor-column elementor-col-100 elementor-top-column elementor-element elementor-element-59e05a6d\" data-id=\"59e05a6d\" data-element_type=\"column\" data-e-type=\"column\">\n\t\t\t<div class=\"elementor-widget-wrap elementor-element-populated\">\n\t\t\t\t\t\t<div class=\"elementor-element elementor-element-283b4264 elementor-widget elementor-widget-text-editor\" data-id=\"283b4264\" data-element_type=\"widget\" data-e-type=\"widget\" data-widget_type=\"text-editor.default\">\n\t\t\t\t\t\t\t\t\t<p>Des monuments et des signes comm\u00e9moratifs rappellent les victimes du national-socialisme ainsi que d&rsquo;autres formes de tyrannie et de pers\u00e9cution. Ils constituent le fondement physique de la culture du souvenir. Ils arrachent des noms et des personnes \u00e0 l&rsquo;oubli et font ainsi en sorte que ce ne soient pas les pers\u00e9cuteurs qui aient le dernier mot. Les monuments et les signes comm\u00e9moratifs permettent de rendre l&rsquo;histoire tangible dans son propre environnement et son propre cadre de vie. Ils exhortent les g\u00e9n\u00e9rations futures \u00e0 ne plus jamais laisser place \u00e0 l&rsquo;inhumanit\u00e9.<\/p><p>Depuis sa cr\u00e9ation, la fondation Arnold-Liebster s&rsquo;engage pour la m\u00e9moire des victimes du national-socialisme. Elle a soutenu de nombreux projets de monuments et de comm\u00e9moration et a \u00e9t\u00e9 \u00e0 l&rsquo;origine de l&rsquo;\u00e9rection du monument Max-Liebster. Depuis le milieu des ann\u00e9es 2010, elle s&rsquo;est engag\u00e9e, avec d&rsquo;autres survivants, experts et personnes engag\u00e9es, pour que la R\u00e9publique f\u00e9d\u00e9rale d&rsquo;Allemagne \u00e9rige un monument \u00e0 la m\u00e9moire des T\u00e9moins de J\u00e9hovah pers\u00e9cut\u00e9s et assassin\u00e9s sous le r\u00e9gime national-socialiste, sous la tutelle de la <a href=\"https:\/\/www.stiftung-denkmal.de\" target=\"_blank\" rel=\"noopener nofollow\">Fondation du M\u00e9morial des Juifs assassin\u00e9s d&rsquo;Europe<\/a>.<\/p>\t\t\t\t\t\t\t\t<\/div>\n\t\t\t\t\t<\/div>\n\t\t<\/div>\n\t\t\t\t\t<\/div>\n\t\t<\/section>\n\t\t\t\t<section class=\"elementor-section elementor-top-section elementor-element elementor-element-148a5da2 elementor-section-boxed elementor-section-height-default elementor-section-height-default\" data-id=\"148a5da2\" data-element_type=\"section\" data-e-type=\"section\" data-settings=\"{&quot;jet_parallax_layout_list&quot;:[]}\">\n\t\t\t\t\t\t<div class=\"elementor-container elementor-column-gap-default\">\n\t\t\t\t\t<div class=\"elementor-column elementor-col-100 elementor-top-column elementor-element elementor-element-335a5831\" data-id=\"335a5831\" data-element_type=\"column\" data-e-type=\"column\" data-settings=\"{&quot;background_background&quot;:&quot;classic&quot;}\">\n\t\t\t<div class=\"elementor-widget-wrap elementor-element-populated\">\n\t\t\t\t\t<div class=\"elementor-background-overlay\"><\/div>\n\t\t\t\t\t\t<div class=\"elementor-element elementor-element-2a251420 elementor-widget elementor-widget-heading\" data-id=\"2a251420\" data-element_type=\"widget\" data-e-type=\"widget\" data-widget_type=\"heading.default\">\n\t\t\t\t\t<h2 class=\"elementor-heading-title elementor-size-default\">Monument aux T\u00e9moins de J\u00e9hovah d'Europe pers\u00e9cut\u00e9s et assassin\u00e9s sous le r\u00e9gime national-socialiste<\/h2>\t\t\t\t<\/div>\n\t\t\t\t\t<\/div>\n\t\t<\/div>\n\t\t\t\t\t<\/div>\n\t\t<\/section>\n\t\t\t\t<section class=\"elementor-section elementor-top-section elementor-element elementor-element-765c4a7d elementor-section-boxed elementor-section-height-default elementor-section-height-default\" data-id=\"765c4a7d\" data-element_type=\"section\" data-e-type=\"section\" data-settings=\"{&quot;jet_parallax_layout_list&quot;:[]}\">\n\t\t\t\t\t\t<div class=\"elementor-container elementor-column-gap-default\">\n\t\t\t\t\t<div class=\"make-column-clickable-elementor elementor-column elementor-col-50 elementor-top-column elementor-element elementor-element-7950c7fb\" style=\"cursor: pointer;\" data-column-clickable=\"https:\/\/alst.org\/kategorie\/denkmaeler\/max-liebster-denkmal\/\" data-column-clickable-blank=\"_self\" data-id=\"7950c7fb\" data-element_type=\"column\" data-e-type=\"column\" data-settings=\"{&quot;background_background&quot;:&quot;classic&quot;}\">\n\t\t\t<div class=\"elementor-widget-wrap elementor-element-populated\">\n\t\t\t\t\t<div class=\"elementor-background-overlay\"><\/div>\n\t\t\t\t\t\t<div class=\"elementor-element elementor-element-5257c5f elementor-widget elementor-widget-heading\" data-id=\"5257c5f\" data-element_type=\"widget\" data-e-type=\"widget\" data-widget_type=\"heading.default\">\n\t\t\t\t\t<h2 class=\"elementor-heading-title elementor-size-default\"><a href=\"https:\/\/alst.org\/tag\/max-liebster\/\">Monument Max-Liebster<\/a><\/h2>\t\t\t\t<\/div>\n\t\t\t\t\t<\/div>\n\t\t<\/div>\n\t\t\t\t<div class=\"make-column-clickable-elementor elementor-column elementor-col-50 elementor-top-column elementor-element elementor-element-5c399b82\" style=\"cursor: pointer;\" data-column-clickable=\"https:\/\/alst.org\/kategorie\/denkmaeler\/weitere-denkmaeler-und-gedenkzeichen\/\" data-column-clickable-blank=\"_self\" data-id=\"5c399b82\" data-element_type=\"column\" data-e-type=\"column\" data-settings=\"{&quot;background_background&quot;:&quot;classic&quot;}\">\n\t\t\t<div class=\"elementor-widget-wrap elementor-element-populated\">\n\t\t\t\t\t<div class=\"elementor-background-overlay\"><\/div>\n\t\t\t\t\t\t<div class=\"elementor-element elementor-element-6bf6d620 elementor-widget elementor-widget-heading\" data-id=\"6bf6d620\" data-element_type=\"widget\" data-e-type=\"widget\" data-widget_type=\"heading.default\">\n\t\t\t\t\t<h2 class=\"elementor-heading-title elementor-size-default\"><a href=\"https:\/\/alst.org\/kategorie\/denkmaeler\/weitere-denkmaeler-und-gedenkzeichen\/\">Autres monuments et signes comm\u00e9moratifs<\/a><\/h2>\t\t\t\t<\/div>\n\t\t\t\t\t<\/div>\n\t\t<\/div>\n\t\t\t\t\t<\/div>\n\t\t<\/section>\n\t\t\t\t<\/div>\n\t\t","protected":false},"excerpt":{"rendered":"<p>Monuments Des monuments et des signes comm\u00e9moratifs rappellent les victimes du national-socialisme ainsi que d&rsquo;autres formes de tyrannie et de pers\u00e9cution. Ils constituent le fondement physique de la culture du souvenir. Ils arrachent des noms et des personnes \u00e0 l&rsquo;oubli et font ainsi en sorte que ce ne soient pas les pers\u00e9cuteurs qui aient le [&hellip;]<\/p>\n","protected":false},"author":1,"featured_media":11029,"parent":0,"menu_order":0,"comment_status":"closed","ping_status":"closed","template":"elementor_header_footer","meta":{"inline_featured_image":false,"footnotes":""},"class_list":["post-7911","page","type-page","status-publish","has-post-thumbnail","hentry"],"_links":{"self":[{"href":"https:\/\/alst.org\/fr\/wp-json\/wp\/v2\/pages\/7911","targetHints":{"allow":["GET"]}}],"collection":[{"href":"https:\/\/alst.org\/fr\/wp-json\/wp\/v2\/pages"}],"about":[{"href":"https:\/\/alst.org\/fr\/wp-json\/wp\/v2\/types\/page"}],"author":[{"embeddable":true,"href":"https:\/\/alst.org\/fr\/wp-json\/wp\/v2\/users\/1"}],"replies":[{"embeddable":true,"href":"https:\/\/alst.org\/fr\/wp-json\/wp\/v2\/comments?post=7911"}],"version-history":[{"count":12,"href":"https:\/\/alst.org\/fr\/wp-json\/wp\/v2\/pages\/7911\/revisions"}],"predecessor-version":[{"id":10731,"href":"https:\/\/alst.org\/fr\/wp-json\/wp\/v2\/pages\/7911\/revisions\/10731"}],"wp:featuredmedia":[{"embeddable":true,"href":"https:\/\/alst.org\/fr\/wp-json\/wp\/v2\/media\/11029"}],"wp:attachment":[{"href":"https:\/\/alst.org\/fr\/wp-json\/wp\/v2\/media?parent=7911"}],"curies":[{"name":"wp","href":"https:\/\/api.w.org\/{rel}","templated":true}]}}