{"id":7928,"date":"2022-08-05T10:09:26","date_gmt":"2022-08-05T10:09:26","guid":{"rendered":"https:\/\/alst.org\/los-fundadores\/"},"modified":"2022-10-04T08:46:53","modified_gmt":"2022-10-04T08:46:53","slug":"los-fundadores","status":"publish","type":"page","link":"https:\/\/alst.org\/es\/los-fundadores\/","title":{"rendered":"Los fundadores"},"content":{"rendered":"\t\t<div data-elementor-type=\"wp-page\" data-elementor-id=\"7928\" class=\"elementor elementor-7928 elementor-7528\" data-elementor-post-type=\"page\">\n\t\t\t\t\t\t<section class=\"elementor-section elementor-top-section elementor-element elementor-element-7ee38cd2 elementor-section-boxed elementor-section-height-default elementor-section-height-default\" data-id=\"7ee38cd2\" data-element_type=\"section\" data-e-type=\"section\" data-settings=\"{&quot;jet_parallax_layout_list&quot;:[]}\">\n\t\t\t\t\t\t<div class=\"elementor-container elementor-column-gap-default\">\n\t\t\t\t\t<div class=\"elementor-column elementor-col-100 elementor-top-column elementor-element elementor-element-50b61786\" data-id=\"50b61786\" data-element_type=\"column\" data-e-type=\"column\">\n\t\t\t<div class=\"elementor-widget-wrap elementor-element-populated\">\n\t\t\t\t\t\t<div class=\"elementor-element elementor-element-33b2414d elementor-widget elementor-widget-heading\" data-id=\"33b2414d\" data-element_type=\"widget\" data-e-type=\"widget\" data-widget_type=\"heading.default\">\n\t\t\t\t\t<h1 class=\"elementor-heading-title elementor-size-default\">Los fundadores<\/h1>\t\t\t\t<\/div>\n\t\t\t\t\t<\/div>\n\t\t<\/div>\n\t\t\t\t\t<\/div>\n\t\t<\/section>\n\t\t\t\t<section class=\"elementor-section elementor-top-section elementor-element elementor-element-b0443b elementor-section-boxed elementor-section-height-default elementor-section-height-default\" data-id=\"b0443b\" data-element_type=\"section\" data-e-type=\"section\" data-settings=\"{&quot;jet_parallax_layout_list&quot;:[]}\">\n\t\t\t\t\t\t<div class=\"elementor-container elementor-column-gap-no\">\n\t\t\t\t\t<div class=\"elementor-column elementor-col-100 elementor-top-column elementor-element elementor-element-4da3f288\" data-id=\"4da3f288\" data-element_type=\"column\" data-e-type=\"column\">\n\t\t\t<div class=\"elementor-widget-wrap elementor-element-populated\">\n\t\t\t\t\t\t<div class=\"elementor-element elementor-element-54b67193 elementor-widget elementor-widget-spacer\" data-id=\"54b67193\" data-element_type=\"widget\" data-e-type=\"widget\" data-widget_type=\"spacer.default\">\n\t\t\t\t\t\t\t<div class=\"elementor-spacer\">\n\t\t\t<div class=\"elementor-spacer-inner\"><\/div>\n\t\t<\/div>\n\t\t\t\t\t\t<\/div>\n\t\t\t\t\t<\/div>\n\t\t<\/div>\n\t\t\t\t\t<\/div>\n\t\t<\/section>\n\t\t\t\t<section class=\"elementor-section elementor-top-section elementor-element elementor-element-209eddd7 elementor-section-boxed elementor-section-height-default elementor-section-height-default\" data-id=\"209eddd7\" data-element_type=\"section\" data-e-type=\"section\" data-settings=\"{&quot;jet_parallax_layout_list&quot;:[]}\">\n\t\t\t\t\t\t<div class=\"elementor-container elementor-column-gap-default\">\n\t\t\t\t\t<div class=\"elementor-column elementor-col-100 elementor-top-column elementor-element elementor-element-236d370a\" data-id=\"236d370a\" data-element_type=\"column\" data-e-type=\"column\">\n\t\t\t<div class=\"elementor-widget-wrap elementor-element-populated\">\n\t\t\t\t\t\t<div class=\"elementor-element elementor-element-6a05b9cc elementor-widget elementor-widget-text-editor\" data-id=\"6a05b9cc\" data-element_type=\"widget\" data-e-type=\"widget\" data-widget_type=\"text-editor.default\">\n\t\t\t\t\t\t\t\t\t<p>Nacida en Alsacia el 17 de agosto de 1930, Simone Arnold-Liebster perteneci\u00f3 con sus padres a un grupo de Testigos de Jehov\u00e1 en Mulhouse. La asistencia a la escuela se convirti\u00f3 en una prueba diaria de sus principios desde la invasi\u00f3n alemana en 1940: La conciencia ten\u00eda que levantarse cada d\u00eda contra la coacci\u00f3n omnipresente. La \u00abgermanizaci\u00f3n\u00bb de Alsacia convirti\u00f3 a los maestros en fan\u00e1ticos nacionalsocialistas. Simone Arnold-Liebster fue maltratada psicol\u00f3gica y f\u00edsicamente, expulsada del instituto y finalmente arrebatada a su madre en abril de 1943 y llevada a un reformatorio nazi en Konstanz. All\u00ed tuvo que realizar trabajos forzados y soportar abusos mentales. Si no hubiera llegado la liberaci\u00f3n, habr\u00eda sido trasladada a un campo de concentraci\u00f3n a los 15 a\u00f1os.<\/p>\n<p>Marcel Sutter, el mejor amigo de Simone Arnold-Liebster, fue decapitado por objeci\u00f3n de conciencia en Halle el 5 de noviembre de 1943 a la edad de 24 a\u00f1os. El padre de Simone, Adolphe Arnold, sufri\u00f3 los campos de concentraci\u00f3n de Schirmeck, Dachau, Mauthausen y Ebensee desde su detenci\u00f3n por la Gestapo en septiembre de 1941, y su madre, Emma Arnold, los campos de concentraci\u00f3n de Schirmeck y Gaggenau desde 1943. All\u00ed, arriesgando su vida, salv\u00f3 la de otras personas, como la luchadora de la resistencia Louise Blazer, a la que posteriormente se le concedi\u00f3 el t\u00edtulo de \u00abJusta entre las Naciones\u00bb. Adolphe y Emma Arnold siguieron marcados por el encarcelamiento y la tortura durante toda su vida, pero se comprometieron con un camino de reconciliaci\u00f3n y compasi\u00f3n.<\/p>\n<p>Max Liebster, nacido el 15 de febrero de 1915 en Reichenbach, en el Odenwald, y fallecido el 28 de mayo de 2008 en Aix-les-Bains, con quien Simone Arnold-Liebster estaba casada desde 1956, proced\u00eda de una familia jud\u00eda. Muchos de los miembros de su familia fueron asesinados. Max sobrevivi\u00f3 a los campos de concentraci\u00f3n y exterminio de Sachsenhausen, Neuengamme, Auschwitz y Buchenwald.<\/p>\n<p>Max Liebster y Simone Arnold-Liebster han hablado ante numerosas audiencias en escuelas, universidades o museos -incluso varias veces en el Museo Conmemorativo del Holocausto de Estados Unidos en Washington- en m\u00e1s de 60 ciudades de Europa y Estados Unidos.<\/p>\n<p>Desde la creaci\u00f3n de su fundaci\u00f3n, Simone Arnold-Liebster ha mantenido innumerables debates con decenas de miles de j\u00f3venes, especialmente en las escuelas estadounidenses, sobre la persecuci\u00f3n nazi y las posibilidades de resistencia y tolerancia. A d\u00eda de hoy, trabaja varias veces a la semana por videoconferencia con clases escolares y grupos de j\u00f3venes. Como testigo contempor\u00e1neo, lucha incansablemente contra el olvido y a favor de la educaci\u00f3n en la tolerancia y la humanidad, y est\u00e1 disponible para proyectos con j\u00f3venes, como el D\u00eda del Recuerdo de las V\u00edctimas del Nacionalsocialismo 2021 del <a href=\"https:\/\/www.landtag-bw.de\/home\/mediathek\/videos\/2021\/20210127gedenkstundeopferns1.html?t=0\" target=\"_blank\" rel=\"noopener nofollow\">Parlamento Estatal de Baden-W\u00fcrttemberg<\/a>, v\u00e9ase tambi\u00e9n <a href=\"https:\/\/alst.org\/es\/educacion\/videos-es\/peliculas-y-videos\/\" target=\"_blank\" rel=\"noopener\">aqu\u00ed<\/a>.<\/p>\n<p>En 1986, Simone Arnold-Liebster fue una de las cofundadoras del CETJAD (Cercle Europ\u00e9en des T\u00e9moins de Jehovah Anciens D\u00e9port\u00e9s et Intern\u00e9s), la primera organizaci\u00f3n dedicada a recordar la persecuci\u00f3n de su grupo de v\u00edctimas, hasta entonces olvidada por la opini\u00f3n p\u00fablica, contrarrestando as\u00ed un vac\u00edo en la memoria hist\u00f3rica. Recibi\u00f3 una considerable atenci\u00f3n internacional por su libro \u00abSola ante el Leon: Memorias de una ni\u00f1a en la Europa nazi\u00bb, que es un testimonio conmovedor de su persecuci\u00f3n y resistencia, as\u00ed como una de las memorias m\u00e1s impresionantes sobre la persecuci\u00f3n nazi de una persona joven. Esto tambi\u00e9n queda claro en los homenajes introductorios de Abraham J. Peck, antiguo empleado de Elie Wiesel, presidente del Museo Conmemorativo del Holocausto de los Estados Unidos y vicepresidente de la Asociaci\u00f3n de Organizaciones del Holocausto, y de Sybil Milton, destacada investigadora del Holocausto y antigua historiadora principal del Museo Conmemorativo del Holocausto de los Estados Unidos.<\/p>\n<p>El libro y la historia de la joven Simone tambi\u00e9n se han utilizado durante muchos a\u00f1os en la labor educativa de la Fundaci\u00f3n Memorial de los Jud\u00edos Asesinados de Europa en Berl\u00edn<a href=\"https:\/\/www.verfolgung-von-jugendlichen-im-ns.de\/biographies\/simone-arnold\" target=\"_blank\" rel=\"noopener nofollow\">(https:\/\/www.verfolgung-von-jugendlichen-im-ns.de\/biographies\/simone-arnold)<\/a>. Solo ante el Le\u00f3n se ha traducido a numerosos idiomas y tambi\u00e9n se utiliza como lectura escolar en Estados Unidos, por ejemplo. Se dispone de material educativo de acompa\u00f1amiento.<\/p>\n<p>Hace unos a\u00f1os, Simone Arnold-Liebster tambi\u00e9n puso en marcha una iniciativa para crear un monumento a los testigos de Jehov\u00e1 de Europa que fueron perseguidos y asesinados bajo el nacionalsocialismo. Esta iniciativa cuenta con el apoyo de Uwe Neum\u00e4rker, director de la Fundaci\u00f3n Memorial de los Jud\u00edos Asesinados de Europa, del portavoz del Consejo Asesor de la Fundaci\u00f3n Memorial, el profesor Wolfgang Benz, de autorizados historiadores en la materia como los profesores Detlef Garbe, Peter Steinbach y Johannes Tuchel, as\u00ed como de personalidades p\u00fablicas como Klaus von Dohnanyi, cuya familia se resisti\u00f3 al nacionalsocialismo y fue perseguida, y otros supervivientes y sus descendientes del grupo de v\u00edctimas jud\u00edas y del de los sinti y roman\u00edes, que recibieron ayuda de los testigos de Jehov\u00e1 durante el nacionalsocialismo. El 14 de febrero de 2022, la Secretaria de Estado de Cultura responsable, Claudia Roth, declar\u00f3 que el monumento conmemorativo estaba \u00abatrasado\u00bb y que era \u00abuna preocupaci\u00f3n particular suya avanzar r\u00e1pidamente con este importante proyecto de pol\u00edtica conmemorativa\u00bb.<\/p>\n\t\t\t\t\t\t\t\t<\/div>\n\t\t\t\t\t<\/div>\n\t\t<\/div>\n\t\t\t\t\t<\/div>\n\t\t<\/section>\n\t\t\t\t<section class=\"elementor-section elementor-top-section elementor-element elementor-element-55bb469 elementor-section-boxed elementor-section-height-default elementor-section-height-default\" data-id=\"55bb469\" data-element_type=\"section\" data-e-type=\"section\" data-settings=\"{&quot;jet_parallax_layout_list&quot;:[]}\">\n\t\t\t\t\t\t<div class=\"elementor-container elementor-column-gap-no\">\n\t\t\t\t\t<div class=\"elementor-column elementor-col-50 elementor-top-column elementor-element elementor-element-d300f38\" data-id=\"d300f38\" data-element_type=\"column\" data-e-type=\"column\">\n\t\t\t<div class=\"elementor-widget-wrap elementor-element-populated\">\n\t\t\t\t\t\t<div class=\"elementor-element elementor-element-46e9bb1 elementor-widget elementor-widget-text-editor\" data-id=\"46e9bb1\" data-element_type=\"widget\" data-e-type=\"widget\" data-widget_type=\"text-editor.default\">\n\t\t\t\t\t\t\t\t\t<p><img decoding=\"async\" class=\" wp-image-5457 alignleft\" src=\"https:\/\/alst.org\/wp-content\/uploads\/2022\/07\/adolphe-arnold-petit-1.jpg\" alt=\"\" width=\"90\" height=\"120\"><\/p>\n<h3>Adolphe Arnold<\/h3>\n<p><a href=\"https:\/\/alst.org\/es\/historia\/biografias-es\/los-fundadores-adolphe-arnold\/\">Biograf\u00eda breve<\/a><\/p>\n<p><a href=\"https:\/\/alst.org\/geschichte\/biographien-2\/adolphe-arnold-biografie-uebersicht\/\">Biograf\u00eda detallada<\/a><\/p>\n\t\t\t\t\t\t\t\t<\/div>\n\t\t\t\t\t<\/div>\n\t\t<\/div>\n\t\t\t\t<div class=\"elementor-column elementor-col-50 elementor-top-column elementor-element elementor-element-ab40b05\" data-id=\"ab40b05\" data-element_type=\"column\" data-e-type=\"column\">\n\t\t\t<div class=\"elementor-widget-wrap elementor-element-populated\">\n\t\t\t\t\t\t<div class=\"elementor-element elementor-element-fa9675a elementor-widget elementor-widget-text-editor\" data-id=\"fa9675a\" data-element_type=\"widget\" data-e-type=\"widget\" data-widget_type=\"text-editor.default\">\n\t\t\t\t\t\t\t\t\t<p><img decoding=\"async\" class=\"alignleft wp-image-4788\" src=\"https:\/\/alst.org\/wp-content\/uploads\/2022\/07\/emma-arnold-petit.jpg\" alt=\"\" width=\"90\" height=\"120\"><\/p>\n<h3>Emma Arnold<\/h3>\n<p><a href=\"https:\/\/alst.org\/es\/historia\/biografias-es\/los-fundadores-emma-arnold\/\">Biograf\u00eda breve<\/a><\/p>\n<p><a href=\"https:\/\/alst.org\/geschichte\/biographien-2\/emma-arnold-biografie-1898-1979unerschoepflicher-mut\/\">Biograf\u00eda detallada<\/a><\/p>\n\t\t\t\t\t\t\t\t<\/div>\n\t\t\t\t\t<\/div>\n\t\t<\/div>\n\t\t\t\t\t<\/div>\n\t\t<\/section>\n\t\t\t\t<section class=\"elementor-section elementor-top-section elementor-element elementor-element-d673c62 elementor-section-boxed elementor-section-height-default elementor-section-height-default\" data-id=\"d673c62\" data-element_type=\"section\" data-e-type=\"section\" data-settings=\"{&quot;jet_parallax_layout_list&quot;:[]}\">\n\t\t\t\t\t\t<div class=\"elementor-container elementor-column-gap-no\">\n\t\t\t\t\t<div class=\"make-column-clickable-elementor elementor-column elementor-col-50 elementor-top-column elementor-element elementor-element-4f5a39d\" style=\"cursor: pointer;\" data-column-clickable=\"https:\/\/alst.org\/geschichte\/biographien-2\/kurzbiographie-simone-arnold-liebster\/\" data-column-clickable-blank=\"_self\" data-id=\"4f5a39d\" data-element_type=\"column\" data-e-type=\"column\">\n\t\t\t<div class=\"elementor-widget-wrap elementor-element-populated\">\n\t\t\t\t\t\t<div class=\"elementor-element elementor-element-e161b4f elementor-widget elementor-widget-text-editor\" data-id=\"e161b4f\" data-element_type=\"widget\" data-e-type=\"widget\" data-widget_type=\"text-editor.default\">\n\t\t\t\t\t\t\t\t\t<p><img decoding=\"async\" class=\"alignleft wp-image-7729\" src=\"https:\/\/alst.org\/wp-content\/uploads\/2022\/08\/simone-liebster-petit-1.jpg\" alt=\"\" width=\"90\" height=\"120\"><\/p>\n<h3>Simone Arnold Liebster<\/h3>\n<p><a href=\"https:\/\/alst.org\/es\/historia\/biografias-es\/los-fundadores-simone-arnold-liebster\/\">Biograf\u00eda breve<\/a><\/p>\n\t\t\t\t\t\t\t\t<\/div>\n\t\t\t\t\t<\/div>\n\t\t<\/div>\n\t\t\t\t<div class=\"make-column-clickable-elementor elementor-column elementor-col-50 elementor-top-column elementor-element elementor-element-2575b71\" style=\"cursor: pointer;\" data-column-clickable=\"https:\/\/alst.org\/geschichte\/biographien-2\/kurzbiographie-max-liebster\/\" data-column-clickable-blank=\"_self\" data-id=\"2575b71\" data-element_type=\"column\" data-e-type=\"column\">\n\t\t\t<div class=\"elementor-widget-wrap elementor-element-populated\">\n\t\t\t\t\t\t<div class=\"elementor-element elementor-element-a68ac4c elementor-widget elementor-widget-text-editor\" data-id=\"a68ac4c\" data-element_type=\"widget\" data-e-type=\"widget\" data-widget_type=\"text-editor.default\">\n\t\t\t\t\t\t\t\t\t<p><img loading=\"lazy\" decoding=\"async\" class=\"alignleft wp-image-7734\" src=\"https:\/\/alst.org\/wp-content\/uploads\/2022\/08\/max-liebster-petit-1.jpg\" alt=\"\" width=\"90\" height=\"120\"><\/p>\n<h3>Max Liebster<\/h3>\n<p><a href=\"https:\/\/alst.org\/es\/historia\/biografias-es\/los-fundadores-max-liebster\/\">Biograf\u00eda breve<\/a><\/p>\n\t\t\t\t\t\t\t\t<\/div>\n\t\t\t\t\t<\/div>\n\t\t<\/div>\n\t\t\t\t\t<\/div>\n\t\t<\/section>\n\t\t\t\t<\/div>\n\t\t","protected":false},"excerpt":{"rendered":"<p>Los fundadores Nacida en Alsacia el 17 de agosto de 1930, Simone Arnold-Liebster perteneci\u00f3 con sus padres a un grupo de Testigos de Jehov\u00e1 en Mulhouse. La asistencia a la escuela se convirti\u00f3 en una prueba diaria de sus principios desde la invasi\u00f3n alemana en 1940: La conciencia ten\u00eda que levantarse cada d\u00eda contra la [&hellip;]<\/p>\n","protected":false},"author":1,"featured_media":11029,"parent":0,"menu_order":0,"comment_status":"closed","ping_status":"closed","template":"elementor_header_footer","meta":{"inline_featured_image":false,"footnotes":""},"class_list":["post-7928","page","type-page","status-publish","has-post-thumbnail","hentry"],"_links":{"self":[{"href":"https:\/\/alst.org\/es\/wp-json\/wp\/v2\/pages\/7928","targetHints":{"allow":["GET"]}}],"collection":[{"href":"https:\/\/alst.org\/es\/wp-json\/wp\/v2\/pages"}],"about":[{"href":"https:\/\/alst.org\/es\/wp-json\/wp\/v2\/types\/page"}],"author":[{"embeddable":true,"href":"https:\/\/alst.org\/es\/wp-json\/wp\/v2\/users\/1"}],"replies":[{"embeddable":true,"href":"https:\/\/alst.org\/es\/wp-json\/wp\/v2\/comments?post=7928"}],"version-history":[{"count":8,"href":"https:\/\/alst.org\/es\/wp-json\/wp\/v2\/pages\/7928\/revisions"}],"predecessor-version":[{"id":11413,"href":"https:\/\/alst.org\/es\/wp-json\/wp\/v2\/pages\/7928\/revisions\/11413"}],"wp:featuredmedia":[{"embeddable":true,"href":"https:\/\/alst.org\/es\/wp-json\/wp\/v2\/media\/11029"}],"wp:attachment":[{"href":"https:\/\/alst.org\/es\/wp-json\/wp\/v2\/media?parent=7928"}],"curies":[{"name":"wp","href":"https:\/\/api.w.org\/{rel}","templated":true}]}}